{"id":1665,"date":"2022-12-21T01:22:56","date_gmt":"2022-12-21T01:22:56","guid":{"rendered":"http:\/\/basham.com.mx\/?post_type=abogados&#038;p=1665"},"modified":"2024-11-15T19:41:16","modified_gmt":"2024-11-15T19:41:16","slug":"barajas-barrera-victo-manuel","status":"publish","type":"abogado","link":"https:\/\/basham.com.mx\/en\/abogados\/barajas-barrera-victo-manuel\/","title":{"rendered":"Victor Manuel Barajas Barrera"},"content":{"rendered":"\n<p class=\"wp-block-paragraph\"><\/p>\n\n\n\n<p class=\"wp-block-paragraph\"><\/p>\n\n\n\n<p class=\"wp-block-paragraph\"><strong>FORMACI\u00d3N Y ESTUDIOS<\/strong><\/p>\n\n\n\n<p class=\"wp-block-paragraph\">Graduado de la Universidad Panamericana en el a\u00f1o 2000 y maestr\u00eda en Derecho Fiscal por la misma universidad. Llev\u00f3 a cabo un Internship en el instituto Australian Taxation (ATAX) en la ciudad de Sydney Australia en 2004. Cuenta con un certificado para la administraci\u00f3n de Trust internacional, por la Universidad de Manchester Business School, The Society of Trust and Estate Practitioners (STEP) y CLT International.<\/p>\n\n\n\n<p class=\"wp-block-paragraph\"><strong>\u00c1REAS DE PR\u00c1CTICA<\/strong><\/p>\n\n\n\n<p class=\"wp-block-paragraph\">Derecho fiscal y planeaci\u00f3n patrimonial.<\/p>\n\n\n\n<p class=\"wp-block-paragraph\"><strong>ASOCIACIONES<\/strong><\/p>\n\n\n\n<p class=\"wp-block-paragraph\">Fue Presidente de The Society of Trust and Estate Practitioners M\u00e9xico (STEP), por el periodo de 2017 a 2019 y actualmente es miembro del consejo directivo, miembro del Comit\u00e9 Fiscal de la American Chamber of Commerce M\u00e9xico (AmCham), del Instituto Mexicano de Ejecutivos de Finanzas (IMEF) y de la International Fiscal Association (IFA), en la que fue Coordinador del Young International Network (YIN) durante el periodo 2015-201, y hoy es miembro del consejo ejecutivo para M\u00e9xico.<\/p>\n\n\n\n<p class=\"wp-block-paragraph\"><strong>EXPERIENCIA ACAD\u00c9MICA Y PROFESIONAL<\/strong><\/p>\n\n\n\n<p class=\"wp-block-paragraph\">Catedr\u00e1tico en la materia de impuestos internacionales de la maestr\u00eda de derecho corporativo, Universidad An\u00e1huac de Canc\u00fan, Universidad Marista de M\u00e9rida. Ha impartido el m\u00f3dulo \u00abTributaci\u00f3n de los residentes en el extranjero\u00bb del curso \u00abTratados fiscales y residentes en el extranjero\u00bb de la IFA, profesor adjunto en la maestr\u00eda en impuestos y en la maestr\u00eda en derecho fiscal, Universidad Panamericana.<\/p>\n\n\n\n<p class=\"wp-block-paragraph\">Planeaci\u00f3n patrimonial de personas f\u00edsicas y sus familias; consultor\u00eda, resoluci\u00f3n de controversias y estrategia fiscal, tanto en el \u00e1mbito nacional como internacional; aplicaci\u00f3n de convenios tributarios; asesor\u00eda sobre aspectos fiscales de transacciones de grupos corporativos, fusiones y adquisiciones, escisiones y reorganizaciones; precios de transferencia, entre otros.<\/p>\n\n\n\n<p class=\"wp-block-paragraph\">Representa clientes, incluyendo empresas multinacionales 500 Fortune; maneja solicitudes de confirmaci\u00f3n de criterio, procedimientos de acuerdo mutuo (MAP), auditorias, solicitudes de devoluci\u00f3n de impuestos, litigio fiscal y acuerdos conclusivos.<\/p>\n\n\n\n<p class=\"wp-block-paragraph\"><strong>RECONOCIMIENTOS<\/strong><\/p>\n\n\n\n<p class=\"wp-block-paragraph\">Reconocido como abogado destacado en el \u00e1rea fiscal por las publicaciones internacionales, Legal 500, Best Lawyers, Who\u2019s Who Legal y en banda 1 en Planeaci\u00f3n Patrimonial por Chambers\u2019 and Partners High Net Worth.<\/p>\n\n\n\n<p class=\"wp-block-paragraph\"><br><\/p>\n\n\n\n<p class=\"wp-block-paragraph\"><br><\/p>\n","protected":false},"featured_media":24364,"parent":0,"template":"","miembro":[],"location":[1485],"especialidad":[121,123],"cargo":[42],"class_list":["post-1665","abogado","type-abogado","status-publish","has-post-thumbnail","hentry","location-cdmx","especialidad-fiscal","especialidad-planeacion-patrimonial","cargo-socio-a"],"_links":{"self":[{"href":"https:\/\/basham.com.mx\/en\/wp-json\/wp\/v2\/abogado\/1665","targetHints":{"allow":["GET"]}}],"collection":[{"href":"https:\/\/basham.com.mx\/en\/wp-json\/wp\/v2\/abogado"}],"about":[{"href":"https:\/\/basham.com.mx\/en\/wp-json\/wp\/v2\/types\/abogado"}],"wp:featuredmedia":[{"embeddable":true,"href":"https:\/\/basham.com.mx\/en\/wp-json\/wp\/v2\/media\/24364"}],"wp:attachment":[{"href":"https:\/\/basham.com.mx\/en\/wp-json\/wp\/v2\/media?parent=1665"}],"wp:term":[{"taxonomy":"miembro","embeddable":true,"href":"https:\/\/basham.com.mx\/en\/wp-json\/wp\/v2\/miembro?post=1665"},{"taxonomy":"location","embeddable":true,"href":"https:\/\/basham.com.mx\/en\/wp-json\/wp\/v2\/location?post=1665"},{"taxonomy":"especialidad","embeddable":true,"href":"https:\/\/basham.com.mx\/en\/wp-json\/wp\/v2\/especialidad?post=1665"},{"taxonomy":"cargo","embeddable":true,"href":"https:\/\/basham.com.mx\/en\/wp-json\/wp\/v2\/cargo?post=1665"}],"curies":[{"name":"wp","href":"https:\/\/api.w.org\/{rel}","templated":true}]}}